{"id":4388,"date":"2025-04-08T19:00:38","date_gmt":"2025-04-08T19:00:38","guid":{"rendered":"https:\/\/prathaminternational.org\/formacion-juvenil\/"},"modified":"2025-08-20T14:52:22","modified_gmt":"2025-08-20T14:52:22","slug":"formacion-juvenil","status":"publish","type":"page","link":"https:\/\/prathaminternational.org\/es\/formacion-juvenil\/","title":{"rendered":"Formaci\u00f3n juvenil"},"content":{"rendered":"\t\t<div data-elementor-type=\"wp-page\" data-elementor-id=\"4388\" class=\"elementor elementor-4388 elementor-4384\" data-elementor-post-type=\"page\">\n\t\t\t\t<div class=\"elementor-element elementor-element-dd3962d e-con-full e-flex e-con e-parent\" data-id=\"dd3962d\" data-element_type=\"container\" data-e-type=\"container\" data-settings=\"{&quot;background_background&quot;:&quot;classic&quot;}\">\n\t\t\t\t<div class=\"elementor-element elementor-element-9706e2a elementor-widget__width-initial elementor-absolute elementor-widget elementor-widget-text-editor\" data-id=\"9706e2a\" data-element_type=\"widget\" data-e-type=\"widget\" data-settings=\"{&quot;_position&quot;:&quot;absolute&quot;}\" data-widget_type=\"text-editor.default\">\n\t\t\t\t<div class=\"elementor-widget-container\">\n\t\t\t\t\t\t\t\t\t<h1><strong>Formaci\u00f3n de j\u00f3venes  <\/strong><\/h1><p><span style=\"font-weight: 400;\">El programa de capacitaci\u00f3n de j\u00f3venes tiene como objetivo dotar a los adultos j\u00f3venes de competencias relevantes para la industria, mejorar su empleabilidad y garantizar que la formaci\u00f3n profesional satisface las necesidades cambiantes de la industria.<\/span><\/p>\t\t\t\t\t\t\t\t<\/div>\n\t\t\t\t<\/div>\n\t\t\t\t<\/div>\n\t\t<div class=\"elementor-element elementor-element-4856f45 e-flex e-con-boxed e-con e-parent\" data-id=\"4856f45\" data-element_type=\"container\" data-e-type=\"container\" data-settings=\"{&quot;background_background&quot;:&quot;classic&quot;}\">\n\t\t\t\t\t<div class=\"e-con-inner\">\n\t\t\t\t<div class=\"elementor-element elementor-element-2635d0f elementor-widget-mobile__width-initial elementor-widget__width-initial elementor-widget elementor-widget-heading\" data-id=\"2635d0f\" data-element_type=\"widget\" data-e-type=\"widget\" data-widget_type=\"heading.default\">\n\t\t\t\t<div class=\"elementor-widget-container\">\n\t\t\t\t\t<h3 class=\"elementor-heading-title elementor-size-default\">Introducci\u00f3n<\/h3>\t\t\t\t<\/div>\n\t\t\t\t<\/div>\n\t\t\t\t\t<\/div>\n\t\t\t\t<\/div>\n\t\t<div class=\"elementor-element elementor-element-f51b8a7 e-flex e-con-boxed e-con e-parent\" data-id=\"f51b8a7\" data-element_type=\"container\" data-e-type=\"container\" data-settings=\"{&quot;background_background&quot;:&quot;classic&quot;}\">\n\t\t\t\t\t<div class=\"e-con-inner\">\n\t\t<div class=\"elementor-element elementor-element-6a12fee e-con-full e-flex e-con e-child\" data-id=\"6a12fee\" data-element_type=\"container\" data-e-type=\"container\" data-settings=\"{&quot;background_background&quot;:&quot;classic&quot;}\">\n\t\t\t\t<div class=\"elementor-element elementor-element-fb2822c elementor-widget elementor-widget-text-editor\" data-id=\"fb2822c\" data-element_type=\"widget\" data-e-type=\"widget\" data-widget_type=\"text-editor.default\">\n\t\t\t\t<div class=\"elementor-widget-container\">\n\t\t\t\t\t\t\t\t\t<p>En \u00c1frica, 1 de cada 5 j\u00f3venes carece de acceso al empleo o a la educaci\u00f3n, con altas tasas de j\u00f3venes que no cursan estudios, ni trabajan, ni reciben formaci\u00f3n (NEET). El desempleo y el subempleo juvenil siguen siendo retos persistentes, y muchos de ellos ocupan puestos de trabajo de baja calidad o vulnerables, principalmente en el sector informal. En pa\u00edses como Kenia, las instituciones de Educaci\u00f3n y Formaci\u00f3n T\u00e9cnica y Profesional (EFTP) desempe\u00f1an un papel crucial a la hora de dotar a los j\u00f3venes de habilidades relevantes para la industria, produciendo aproximadamente 300.000 graduados al a\u00f1o. Sin embargo, las aptitudes t\u00e9cnicas por s\u00ed solas no bastan para conseguir un empleo significativo. Los j\u00f3venes tambi\u00e9n necesitan aptitudes interpersonales, orientaci\u00f3n profesional y tutor\u00eda para desenvolverse con eficacia en el mercado laboral actual.    <\/p>\t\t\t\t\t\t\t\t<\/div>\n\t\t\t\t<\/div>\n\t\t\t\t<\/div>\n\t\t<div class=\"elementor-element elementor-element-304b534 e-con-full e-flex e-con e-child\" data-id=\"304b534\" data-element_type=\"container\" data-e-type=\"container\">\n\t\t\t\t<div class=\"elementor-element elementor-element-01da2d9 elementor-widget__width-inherit elementor-widget elementor-widget-image\" data-id=\"01da2d9\" data-element_type=\"widget\" data-e-type=\"widget\" data-widget_type=\"image.default\">\n\t\t\t\t<div class=\"elementor-widget-container\">\n\t\t\t\t\t\t\t\t\t\t\t\t<figure class=\"wp-caption\">\n\t\t\t\t\t\t\t\t\t\t<img fetchpriority=\"high\" decoding=\"async\" width=\"640\" height=\"853\" src=\"https:\/\/prathaminternational.org\/wp-content\/uploads\/2025\/08\/e0b9a5b5-a5a7-4ec5-a884-29c715cf2729-768x1024.jpg\" class=\"attachment-large size-large wp-image-4697\" alt=\"\" srcset=\"https:\/\/prathaminternational.org\/wp-content\/uploads\/2025\/08\/e0b9a5b5-a5a7-4ec5-a884-29c715cf2729-768x1024.jpg 768w, https:\/\/prathaminternational.org\/wp-content\/uploads\/2025\/08\/e0b9a5b5-a5a7-4ec5-a884-29c715cf2729-225x300.jpg 225w, https:\/\/prathaminternational.org\/wp-content\/uploads\/2025\/08\/e0b9a5b5-a5a7-4ec5-a884-29c715cf2729.jpg 960w\" sizes=\"(max-width: 640px) 100vw, 640px\" \/>\t\t\t\t\t\t\t\t\t\t\t<figcaption class=\"widget-image-caption wp-caption-text\"><\/figcaption>\n\t\t\t\t\t\t\t\t\t\t<\/figure>\n\t\t\t\t\t\t\t\t\t<\/div>\n\t\t\t\t<\/div>\n\t\t\t\t<\/div>\n\t\t\t\t\t<\/div>\n\t\t\t\t<\/div>\n\t\t<div class=\"elementor-element elementor-element-7980d6d e-flex e-con-boxed e-con e-parent\" data-id=\"7980d6d\" data-element_type=\"container\" data-e-type=\"container\" data-settings=\"{&quot;background_background&quot;:&quot;classic&quot;}\">\n\t\t\t\t\t<div class=\"e-con-inner\">\n\t\t\t\t<div class=\"elementor-element elementor-element-a8c4e1b elementor-widget-mobile__width-initial elementor-widget__width-initial elementor-widget elementor-widget-heading\" data-id=\"a8c4e1b\" data-element_type=\"widget\" data-e-type=\"widget\" data-widget_type=\"heading.default\">\n\t\t\t\t<div class=\"elementor-widget-container\">\n\t\t\t\t\t<h3 class=\"elementor-heading-title elementor-size-default\">Soluci\u00f3n<\/h3>\t\t\t\t<\/div>\n\t\t\t\t<\/div>\n\t\t\t\t\t<\/div>\n\t\t\t\t<\/div>\n\t\t<div class=\"elementor-element elementor-element-80bc4f6 e-con-full e-flex e-con e-parent\" data-id=\"80bc4f6\" data-element_type=\"container\" data-e-type=\"container\" data-settings=\"{&quot;background_background&quot;:&quot;classic&quot;}\">\n\t\t<div class=\"elementor-element elementor-element-b9b1a34 e-con-full e-flex e-con e-child\" data-id=\"b9b1a34\" data-element_type=\"container\" data-e-type=\"container\" data-settings=\"{&quot;background_background&quot;:&quot;classic&quot;}\">\n\t\t\t\t<div class=\"elementor-element elementor-element-663a30b elementor-widget elementor-widget-text-editor\" data-id=\"663a30b\" data-element_type=\"widget\" data-e-type=\"widget\" data-widget_type=\"text-editor.default\">\n\t\t\t\t<div class=\"elementor-widget-container\">\n\t\t\t\t\t\t\t\t\t<p>Aprovechando su experiencia en la ampliaci\u00f3n de programas de formaci\u00f3n profesional en la India, Pratham pretende compartir sus intervenciones de formaci\u00f3n juvenil con las partes interesadas de todo el Sur Global, reforzando los esfuerzos para mejorar la empleabilidad y las oportunidades econ\u00f3micas de los j\u00f3venes.<\/p><p>Pratham trata de reforzar en colaboraci\u00f3n el ecosistema de formaci\u00f3n profesional en un contexto compartiendo metodolog\u00edas pr\u00e1cticas, equipando a los formadores con m\u00e9todos de ense\u00f1anza habilitados digitalmente y conectando a los j\u00f3venes con oportunidades de empleo. Para salvar la distancia entre la formaci\u00f3n y el empleo, fomentamos las asociaciones con la industria para vincular a los estudiantes y a las instituciones de EFTP con oportunidades de vinculaci\u00f3n, pr\u00e1cticas y puestos de trabajo, al tiempo que fomentamos la participaci\u00f3n de la industria para que aporte su opini\u00f3n y experiencia. Nuestro objetivo es establecer relaciones s\u00f3lidas con el gobierno, la industria y la sociedad civil para hacer posibles programas sostenibles.  <\/p>\t\t\t\t\t\t\t\t<\/div>\n\t\t\t\t<\/div>\n\t\t\t\t<div class=\"elementor-element elementor-element-b9ca20c elementor-widget elementor-widget-heading\" data-id=\"b9ca20c\" data-element_type=\"widget\" data-e-type=\"widget\" data-widget_type=\"heading.default\">\n\t\t\t\t<div class=\"elementor-widget-container\">\n\t\t\t\t\t<h3 class=\"elementor-heading-title elementor-size-default\">Componentes clave del enfoque<\/h3>\t\t\t\t<\/div>\n\t\t\t\t<\/div>\n\t\t<div class=\"elementor-element elementor-element-9893580 e-grid e-con-full e-con e-child\" data-id=\"9893580\" data-element_type=\"container\" data-e-type=\"container\">\n\t\t<div class=\"elementor-element elementor-element-6a9c676 e-con-full e-flex e-con e-child\" data-id=\"6a9c676\" data-element_type=\"container\" data-e-type=\"container\" data-settings=\"{&quot;background_background&quot;:&quot;classic&quot;}\">\n\t\t\t\t<div class=\"elementor-element elementor-element-ca8ef75 elementor-position-top elementor-position-top elementor-widget elementor-widget-image-box\" data-id=\"ca8ef75\" data-element_type=\"widget\" data-e-type=\"widget\" data-widget_type=\"image-box.default\">\n\t\t\t\t<div class=\"elementor-widget-container\">\n\t\t\t\t\t<div class=\"elementor-image-box-wrapper\"><figure class=\"elementor-image-box-img\"><img decoding=\"async\" width=\"128\" height=\"128\" src=\"https:\/\/prathaminternational.org\/wp-content\/uploads\/2025\/04\/training.png\" class=\"attachment-full size-full wp-image-4443\" alt=\"training\" \/><\/figure><div class=\"elementor-image-box-content\"><h4 class=\"elementor-image-box-title\">Formaci\u00f3n de Formadores<\/h4><p class=\"elementor-image-box-description\">La iniciativa de Formaci\u00f3n de Formadores pretende mejorar la capacidad de los educadores profesionales dot\u00e1ndoles de metodolog\u00edas de ense\u00f1anza eficaces y compartiendo recursos de aprendizaje digitales. Formadores expertos imparten talleres exhaustivos, en l\u00ednea y pr\u00e1cticos, centrados en t\u00e9cnicas interactivas, aprendizaje entre iguales y aplicaci\u00f3n pr\u00e1ctica. Dise\u00f1ada como un modelo escalable, la formaci\u00f3n capacita a los formadores para crear entornos de aprendizaje atractivos. Para garantizar un impacto duradero, reciben apoyo continuo para integrar nuevos m\u00e9todos y participar en formaci\u00f3n en l\u00ednea y presencial sobre habilidades sociales para mejorar la empleabilidad de los j\u00f3venes.   <\/p><\/div><\/div>\t\t\t\t<\/div>\n\t\t\t\t<\/div>\n\t\t\t\t<\/div>\n\t\t<div class=\"elementor-element elementor-element-997141f e-con-full e-flex e-con e-child\" data-id=\"997141f\" data-element_type=\"container\" data-e-type=\"container\" data-settings=\"{&quot;background_background&quot;:&quot;classic&quot;}\">\n\t\t\t\t<div class=\"elementor-element elementor-element-e00f2a4 elementor-position-top elementor-position-top elementor-widget elementor-widget-image-box\" data-id=\"e00f2a4\" data-element_type=\"widget\" data-e-type=\"widget\" data-widget_type=\"image-box.default\">\n\t\t\t\t<div class=\"elementor-widget-container\">\n\t\t\t\t\t<div class=\"elementor-image-box-wrapper\"><figure class=\"elementor-image-box-img\"><img decoding=\"async\" width=\"128\" height=\"128\" src=\"https:\/\/prathaminternational.org\/wp-content\/uploads\/2025\/04\/bridging-gap.png\" class=\"attachment-full size-full wp-image-4453\" alt=\"\" \/><\/figure><div class=\"elementor-image-box-content\"><h4 class=\"elementor-image-box-title\">Colmar las lagunas de equipamiento<\/h4><p class=\"elementor-image-box-description\">Un reto cr\u00edtico identificado durante nuestra evaluaci\u00f3n fue la falta de herramientas esenciales para el aprendizaje pr\u00e1ctico. Al poner a prueba un laboratorio modelo, pretendemos crear un marco reproducible que, con el apoyo de la industria, pueda ampliarse a otros centros. Esta iniciativa garantiza que los alumnos adquieran experiencia pr\u00e1ctica en entornos bien equipados, salvando la distancia entre el aprendizaje en el aula y los requisitos de la industria.  <\/p><\/div><\/div>\t\t\t\t<\/div>\n\t\t\t\t<\/div>\n\t\t\t\t<\/div>\n\t\t<div class=\"elementor-element elementor-element-e3af542 e-con-full e-flex e-con e-child\" data-id=\"e3af542\" data-element_type=\"container\" data-e-type=\"container\" data-settings=\"{&quot;background_background&quot;:&quot;classic&quot;}\">\n\t\t\t\t<div class=\"elementor-element elementor-element-9fb6a83 elementor-position-top elementor-position-top elementor-widget elementor-widget-image-box\" data-id=\"9fb6a83\" data-element_type=\"widget\" data-e-type=\"widget\" data-widget_type=\"image-box.default\">\n\t\t\t\t<div class=\"elementor-widget-container\">\n\t\t\t\t\t<div class=\"elementor-image-box-wrapper\"><figure class=\"elementor-image-box-img\"><img loading=\"lazy\" decoding=\"async\" width=\"128\" height=\"128\" src=\"https:\/\/prathaminternational.org\/wp-content\/uploads\/2025\/04\/partner.png\" class=\"attachment-full size-full wp-image-4460\" alt=\"\" \/><\/figure><div class=\"elementor-image-box-content\"><h4 class=\"elementor-image-box-title\">Asociaciones industriales y v\u00ednculos laborales<\/h4><p class=\"elementor-image-box-description\">Para salvar la distancia entre la formaci\u00f3n profesional y las necesidades de la industria, colaboramos activamente con industrias de diversos sectores para alinear la formaci\u00f3n con las necesidades de la industria. A trav\u00e9s de las asociaciones con la industria, pretendemos facilitar la vinculaci\u00f3n de los j\u00f3venes y las oportunidades de empleo, garantizando la exposici\u00f3n pr\u00e1ctica y la promoci\u00f3n profesional. Aprovechando este impulso, ahora nos centramos en garantizar a los j\u00f3venes un empleo sostenible a largo plazo. Adem\u00e1s, estamos lanzando una plataforma digital de colocaci\u00f3n para poner en contacto a j\u00f3venes formados con empleadores potenciales, creando un sistema de b\u00fasqueda de empleo sin fisuras.  \n<\/p><\/div><\/div>\t\t\t\t<\/div>\n\t\t\t\t<\/div>\n\t\t\t\t<\/div>\n\t\t\t\t<\/div>\n\t\t\t\t<\/div>\n\t\t\t\t<\/div>\n\t\t<div class=\"elementor-element elementor-element-d34351f e-con-full e-flex e-con e-parent\" data-id=\"d34351f\" data-element_type=\"container\" data-e-type=\"container\" data-settings=\"{&quot;background_background&quot;:&quot;classic&quot;}\">\n\t\t\t\t<div class=\"elementor-element elementor-element-a4cd54b elementor-widget elementor-widget-heading\" data-id=\"a4cd54b\" data-element_type=\"widget\" data-e-type=\"widget\" data-widget_type=\"heading.default\">\n\t\t\t\t<div class=\"elementor-widget-container\">\n\t\t\t\t\t<h2 class=\"elementor-heading-title elementor-size-default\">Asociaciones<\/h2>\t\t\t\t<\/div>\n\t\t\t\t<\/div>\n\t\t\t\t<div class=\"elementor-element elementor-element-2b4890b elementor-widget elementor-widget-text-editor\" data-id=\"2b4890b\" data-element_type=\"widget\" data-e-type=\"widget\" data-widget_type=\"text-editor.default\">\n\t\t\t\t<div class=\"elementor-widget-container\">\n\t\t\t\t\t\t\t\t\t<p>En Pratham International creemos en el poder de la colaboraci\u00f3n para crear cambios significativos. Nuestras asociaciones en Kenia son un testimonio de esta creencia, ya que unimos nuestras manos a las de gobiernos y organizaciones locales para mejorar la formaci\u00f3n profesional, las oportunidades de empleo y el servicio a la comunidad. <\/p><p>Para nuestros programas de Formaci\u00f3n de J\u00f3venes, intentamos asociarnos con organizaciones multilaterales, instituciones p\u00fablicas y gobiernos siempre que sea posible desde la perspectiva de los fondos y las subvenciones. Adem\u00e1s, fomentamos las asociaciones locales para garantizar la ejecuci\u00f3n eficaz de los programas. <\/p><p><span style=\"text-decoration: underline;\"><strong><a href=\"https:\/\/prathaminternational.org\/collaborations\/kenya\/\">M\u00e1s informaci\u00f3n sobre nuestras asociaciones aqu\u00ed.<\/a><\/strong><\/span><\/p>\t\t\t\t\t\t\t\t<\/div>\n\t\t\t\t<\/div>\n\t\t\t\t<\/div>\n\t\t<div class=\"elementor-element elementor-element-6d41b99 e-flex e-con-boxed e-con e-parent\" data-id=\"6d41b99\" data-element_type=\"container\" data-e-type=\"container\" data-settings=\"{&quot;background_background&quot;:&quot;classic&quot;}\">\n\t\t\t\t\t<div class=\"e-con-inner\">\n\t\t<div class=\"elementor-element elementor-element-ebf4a4a e-con-full e-flex e-con e-child\" data-id=\"ebf4a4a\" data-element_type=\"container\" data-e-type=\"container\" data-settings=\"{&quot;background_background&quot;:&quot;classic&quot;}\">\n\t\t\t\t<div class=\"elementor-element elementor-element-2e4647c elementor-widget elementor-widget-heading\" data-id=\"2e4647c\" data-element_type=\"widget\" data-e-type=\"widget\" data-widget_type=\"heading.default\">\n\t\t\t\t<div class=\"elementor-widget-container\">\n\t\t\t\t\t<h2 class=\"elementor-heading-title elementor-size-default\">\u00bfQuieres saber m\u00e1s?  <\/h2>\t\t\t\t<\/div>\n\t\t\t\t<\/div>\n\t\t\t\t<div class=\"elementor-element elementor-element-031f638 elementor-align-center elementor-widget elementor-widget-button\" data-id=\"031f638\" data-element_type=\"widget\" data-e-type=\"widget\" data-widget_type=\"button.default\">\n\t\t\t\t<div class=\"elementor-widget-container\">\n\t\t\t\t\t\t\t\t\t<div class=\"elementor-button-wrapper\">\n\t\t\t\t\t<a class=\"elementor-button elementor-button-link elementor-size-sm\" href=\"https:\/\/www.google.com\/url?q=https:\/\/www.youtube.com\/@PrathamInternationalSkilling&#038;sa=D&#038;source=docs&#038;ust=1744142069187924&#038;usg=AOvVaw33vOCRtXa14uW1P0jGwk0T\" target=\"_blank\">\n\t\t\t\t\t\t<span class=\"elementor-button-content-wrapper\">\n\t\t\t\t\t\t\t\t\t<span class=\"elementor-button-text\">Accede aqu\u00ed a recursos sobre Formaci\u00f3n Profesional  <\/span>\n\t\t\t\t\t<\/span>\n\t\t\t\t\t<\/a>\n\t\t\t\t<\/div>\n\t\t\t\t\t\t\t\t<\/div>\n\t\t\t\t<\/div>\n\t\t\t\t<\/div>\n\t\t\t\t\t<\/div>\n\t\t\t\t<\/div>\n\t\t\t\t<\/div>\n\t\t","protected":false},"excerpt":{"rendered":"<p>Formaci\u00f3n de j\u00f3venes El programa de capacitaci\u00f3n de j\u00f3venes tiene como objetivo dotar a los adultos j\u00f3venes de competencias relevantes para la industria, mejorar su empleabilidad y garantizar que la formaci\u00f3n profesional satisface las necesidades cambiantes de la industria. Introducci\u00f3n En \u00c1frica, 1 de cada 5 j\u00f3venes carece de acceso al empleo o a la [&hellip;]<\/p>\n","protected":false},"author":3,"featured_media":0,"parent":0,"menu_order":0,"comment_status":"closed","ping_status":"closed","template":"elementor_header_footer","meta":{"_acf_changed":false,"inline_featured_image":false,"footnotes":""},"class_list":["post-4388","page","type-page","status-publish","hentry"],"acf":[],"_links":{"self":[{"href":"https:\/\/prathaminternational.org\/es\/wp-json\/wp\/v2\/pages\/4388","targetHints":{"allow":["GET"]}}],"collection":[{"href":"https:\/\/prathaminternational.org\/es\/wp-json\/wp\/v2\/pages"}],"about":[{"href":"https:\/\/prathaminternational.org\/es\/wp-json\/wp\/v2\/types\/page"}],"author":[{"embeddable":true,"href":"https:\/\/prathaminternational.org\/es\/wp-json\/wp\/v2\/users\/3"}],"replies":[{"embeddable":true,"href":"https:\/\/prathaminternational.org\/es\/wp-json\/wp\/v2\/comments?post=4388"}],"version-history":[{"count":6,"href":"https:\/\/prathaminternational.org\/es\/wp-json\/wp\/v2\/pages\/4388\/revisions"}],"predecessor-version":[{"id":4905,"href":"https:\/\/prathaminternational.org\/es\/wp-json\/wp\/v2\/pages\/4388\/revisions\/4905"}],"wp:attachment":[{"href":"https:\/\/prathaminternational.org\/es\/wp-json\/wp\/v2\/media?parent=4388"}],"curies":[{"name":"wp","href":"https:\/\/api.w.org\/{rel}","templated":true}]}}